{"id":44,"date":"2012-12-27T16:45:29","date_gmt":"2012-12-27T14:45:29","guid":{"rendered":"http:\/\/www.inter-views.org\/wordpress\/?page_id=44"},"modified":"2019-10-08T23:56:08","modified_gmt":"2019-10-08T21:56:08","slug":"teaching","status":"publish","type":"page","link":"https:\/\/www.inter-views.org\/de\/teaching\/","title":{"rendered":"LEHRE &#038; FORSCHUNG"},"content":{"rendered":"<p><div id=\"attachment_3140\" style=\"width: 490px\" class=\"wp-caption alignright\"><a href=\"http:\/\/www.inter-views.org\/wp-content\/uploads\/Interventionen_back-e1569752766755.jpg\" target=\"_blank\" rel=\"noopener noreferrer\"><img loading=\"lazy\" decoding=\"async\" aria-describedby=\"caption-attachment-3140\" class=\"wp-image-3140 size-full\" src=\"http:\/\/www.inter-views.org\/wp-content\/uploads\/front_480_klein-copy_INTER_NEU.jpg\" alt=\"\" width=\"480\" height=\"160\" srcset=\"https:\/\/www.inter-views.org\/wp-content\/uploads\/front_480_klein-copy_INTER_NEU.jpg 480w, https:\/\/www.inter-views.org\/wp-content\/uploads\/front_480_klein-copy_INTER_NEU-300x100.jpg 300w\" sizes=\"auto, (max-width: 480px) 100vw, 480px\" \/><\/a><p id=\"caption-attachment-3140\" class=\"wp-caption-text\">Interventionen: F\u00fcr weitere Informationen bitte auf die Abbildung klicken<\/p><\/div><\/p>\n<div id=\"attachment_3128\" style=\"width: 490px\" class=\"wp-caption alignright\"><a href=\"http:\/\/www.inter-views.org\/wp-content\/uploads\/RESEARCH_LICHTENBERG.jpg\" target=\"_blank\" rel=\"noopener noreferrer\"><img loading=\"lazy\" decoding=\"async\" aria-describedby=\"caption-attachment-3128\" class=\"wp-image-3128 size-full\" src=\"http:\/\/www.inter-views.org\/wp-content\/uploads\/RESEARCH_LICHTENBERG_small-e1570182108191.jpg\" alt=\"\" width=\"480\" height=\"340\" srcset=\"https:\/\/www.inter-views.org\/wp-content\/uploads\/RESEARCH_LICHTENBERG_small-e1570182108191.jpg 480w, https:\/\/www.inter-views.org\/wp-content\/uploads\/RESEARCH_LICHTENBERG_small-e1570182108191-300x213.jpg 300w\" sizes=\"auto, (max-width: 480px) 100vw, 480px\" \/><\/a><p id=\"caption-attachment-3128\" class=\"wp-caption-text\">weissensee kunsthochschule berlin: Magdalena Beger, Claudia Just, Hanna Neick, Marie Kather, Julia Schaller. Kulturagentin: Maja-Lena Pastor. Sch\u00fcler*innen des Johann-Gottfried-Herder-Gymnasiums. Lehrer*innen: Caren Buschko, Emila Muszynska, Elisa Haug, Steffi Wulf. Kulturbeauftragter: Frank Duscha, Abbildung oben: @ Claudia Just \/ Hanna Neick<\/p><\/div>\n<div id=\"attachment_3094\" style=\"width: 490px\" class=\"wp-caption alignright\"><a href=\"http:\/\/www.inter-views.org\/wp-content\/uploads\/front_480_klein_VERLERNEN.jpg\"><img loading=\"lazy\" decoding=\"async\" aria-describedby=\"caption-attachment-3094\" class=\"wp-image-3094 size-full\" src=\"http:\/\/www.inter-views.org\/wp-content\/uploads\/front_480_klein_VERLERNEN.jpg\" alt=\"\" width=\"480\" height=\"346\" srcset=\"https:\/\/www.inter-views.org\/wp-content\/uploads\/front_480_klein_VERLERNEN.jpg 480w, https:\/\/www.inter-views.org\/wp-content\/uploads\/front_480_klein_VERLERNEN-300x216.jpg 300w\" sizes=\"auto, (max-width: 480px) 100vw, 480px\" \/><\/a><p id=\"caption-attachment-3094\" class=\"wp-caption-text\">Boustrophedon \/ Im Kontext des Seminars &#8222;Labor Nobel (Ver-)Lernen&#8220;, Winter 2018<\/p><\/div>\n<div id=\"attachment_3144\" style=\"width: 490px\" class=\"wp-caption alignnone\"><a href=\"http:\/\/www.inter-views.org\/wp-content\/uploads\/front_480_klein_fuer_morgen.jpg\"><img loading=\"lazy\" decoding=\"async\" aria-describedby=\"caption-attachment-3144\" class=\"wp-image-3144 size-full\" src=\"http:\/\/www.inter-views.org\/wp-content\/uploads\/front_480_klein_fuer_morgen.jpg\" alt=\"\" width=\"480\" height=\"346\" srcset=\"https:\/\/www.inter-views.org\/wp-content\/uploads\/front_480_klein_fuer_morgen.jpg 480w, https:\/\/www.inter-views.org\/wp-content\/uploads\/front_480_klein_fuer_morgen-300x216.jpg 300w\" sizes=\"auto, (max-width: 480px) 100vw, 480px\" \/><\/a><p id=\"caption-attachment-3144\" class=\"wp-caption-text\">4. Internationales Symposium Kulturvermittlung im Festspielhaus St. P\u00f6lten, AT<\/p><\/div>\n<div id=\"attachment_1878\" style=\"width: 490px\" class=\"wp-caption alignright\"><img loading=\"lazy\" decoding=\"async\" aria-describedby=\"caption-attachment-1878\" class=\"size-full wp-image-1878\" src=\"http:\/\/www.inter-views.org\/wp-content\/uploads\/lecture_15.jpg\" alt=\"\" width=\"480\" height=\"200\" srcset=\"https:\/\/www.inter-views.org\/wp-content\/uploads\/lecture_15.jpg 480w, https:\/\/www.inter-views.org\/wp-content\/uploads\/lecture_15-300x125.jpg 300w\" sizes=\"auto, (max-width: 480px) 100vw, 480px\" \/><p id=\"caption-attachment-1878\" class=\"wp-caption-text\">left\/links: mit Yara Castanheira und Jefferson Sooma auf dem Podium der Tagung <em>Experi\u00eancias em tr\u00e2nsito<\/em>, Inhotim Brasilien ; right\/rechts: <em>we.confer<\/em>, barcamp 2016 \u00a9 Walter Wetzler<\/p><\/div>\n<div id=\"attachment_3093\" style=\"width: 490px\" class=\"wp-caption alignright\"><a href=\"http:\/\/www.inter-views.org\/wp-content\/uploads\/front_480_klein_SPACES.jpg\"><img loading=\"lazy\" decoding=\"async\" aria-describedby=\"caption-attachment-3093\" class=\"wp-image-3093 size-full\" src=\"http:\/\/www.inter-views.org\/wp-content\/uploads\/front_480_klein_SPACES.jpg\" alt=\"\" width=\"480\" height=\"346\" srcset=\"https:\/\/www.inter-views.org\/wp-content\/uploads\/front_480_klein_SPACES.jpg 480w, https:\/\/www.inter-views.org\/wp-content\/uploads\/front_480_klein_SPACES-300x216.jpg 300w\" sizes=\"auto, (max-width: 480px) 100vw, 480px\" \/><\/a><p id=\"caption-attachment-3093\" class=\"wp-caption-text\">Workshop zu Buchstaben, Schreiben und Raum mit Mona Jas im Rahmen des Vorhabens &#8222;Spaces of Reflection&#8220; im Epigraphischen Museum Athen \u00a9 Alexia Manzano<\/p><\/div>\n<div id=\"attachment_3151\" style=\"width: 490px\" class=\"wp-caption alignright\"><a href=\"http:\/\/www.inter-views.org\/wp-content\/uploads\/front_480_klein.png\"><img loading=\"lazy\" decoding=\"async\" aria-describedby=\"caption-attachment-3151\" class=\"wp-image-3151 size-full\" src=\"http:\/\/www.inter-views.org\/wp-content\/uploads\/front_480_klein.png\" alt=\"\" width=\"480\" height=\"346\" srcset=\"https:\/\/www.inter-views.org\/wp-content\/uploads\/front_480_klein.png 480w, https:\/\/www.inter-views.org\/wp-content\/uploads\/front_480_klein-300x216.png 300w\" sizes=\"auto, (max-width: 480px) 100vw, 480px\" \/><\/a><p id=\"caption-attachment-3151\" class=\"wp-caption-text\">documenta 14 Athen \u2013 Ausgangspunkt des Forschungsprojekts &#8222;Spaces of Reflection&#8220; und der k\u00fcnstlerischen Forschung &#8222;<a href=\"http:\/\/www.inter-views.org\/theseus-archiv\/\" target=\"_blank\" rel=\"noopener noreferrer\">Theseus Archiv<\/a>&#8222;. Oben Standort Nationales Museum f\u00fcr Zeitgen\u00f6ssische Kunst (EMST), hier im Bild: Annie Vigier &amp; Franck Apertet (les gens d\u2019Uterpan), G\u00e9ographie-Ath\u00e8nes (Geography-Athens, 2017) \u00a9 Mona Jas<\/p><\/div>\n<div id=\"attachment_3154\" style=\"width: 490px\" class=\"wp-caption alignright\"><a href=\"http:\/\/www.inter-views.org\/wp-content\/uploads\/positionspapier_denkwerkstatt_final.pdf\" target=\"_blank\" rel=\"noopener noreferrer\"><img loading=\"lazy\" decoding=\"async\" aria-describedby=\"caption-attachment-3154\" class=\"wp-image-3154 size-full\" src=\"http:\/\/www.inter-views.org\/wp-content\/uploads\/front_480_klein-copy_DENK.jpg\" alt=\"\" width=\"480\" height=\"346\" srcset=\"https:\/\/www.inter-views.org\/wp-content\/uploads\/front_480_klein-copy_DENK.jpg 480w, https:\/\/www.inter-views.org\/wp-content\/uploads\/front_480_klein-copy_DENK-300x216.jpg 300w\" sizes=\"auto, (max-width: 480px) 100vw, 480px\" \/><\/a><p id=\"caption-attachment-3154\" class=\"wp-caption-text\">Download PDF klick Abbildung \/ click image<\/p><\/div>\n<p>Lehrveranstaltungen<\/p>\n<p>2019<br \/>\n<a href=\"https:\/\/web.archive.org\/web\/20190824080750\/https:\/\/kh-berlin.de\/en\/projekt-uebersicht\/Project\/overview\/fuer-morgen-kuenstlerische-interventionen-im-museum-2826\/yes.html\" target=\"_blank\" rel=\"noopener noreferrer\">F\u00fcr Morgen. K\u00fcnstlerische Interventionen im Museum<\/a>. In Zusammenarbeit mit dem Br\u00fccke-Museum Berlin und Daniela Bystron, Curator of Outreach. Blockseminar: wei\u00dfensee kunsthochschule berlin<\/p>\n<p>2018\/19<br \/>\nKunst-Projekt(e). Blockseminar: Theorie in Verbindung mit k\u00fcnstlerischer Praxis: wei\u00dfensee kunsthochschule berlin<\/p>\n<p>2019-17<br \/>\nLabor Nobel o.T. Seminarreihe: K\u00fcnstlerische Praxis in Verbindung mit Theorie: wei\u00dfensee kunsthochschule berlin. In Kooperation mit der Alfred-Nobel-Schule in Berlin Neuk\u00f6lln und unterschiedlichen weiteren Institutionen (dem Botanischen Garten, dem Landesprogramm Kulturagenten f\u00fcr kreative Schulen Berlin \u2013 den KW Institute for Contemporary Art \u2013 dem Museum Neuk\u00f6lln und dem Museum f\u00fcr Europ\u00e4ische Kulturen)<\/p>\n<p>2018-17<br \/>\nHandlungsspielraum I und II. Qualifizierung: Universit\u00e4t Potsdam. Im Rahmen des Programms f\u00fcr etablierte Professor*innen in Brandenburg (\u201eProf(i) \u2013 Retreat\u201c des Netzwerks Studienqualit\u00e4t Brandenburg) aus Kunst- und Medien-Wissenschaften zu innovativen Lehr- und Lernans\u00e4tzen f\u00fcr die Hochschullehre im Feld Kunst \u2013 Gestaltung \u2013 Medien.<\/p>\n<p>2018-17<br \/>\nKlasse: Kunst f\u00fcr Brandenburg. Qualifizierung: Konzeption und Durchf\u00fchrung der Tandem-Qualifizierung der Kooperationspartner*innen des Modellvorhabens.<\/p>\n<p>2017\/18<br \/>\nKuratieren und Vermitteln: F\u00fcr wen, warum und wie. Kompaktseminar: Stiftung Universit\u00e4t Hildesheim, Fachbereich Kulturwissenschaften und \u00c4sthetische Kommunikation, Institut f\u00fcr Kunst und Kunstwissenschaft.<\/p>\n<p>2017<br \/>\nResearch Lichtenberg. Blockseminar: Theorie in Verbindung mit k\u00fcnstlerischer Praxis: wei\u00dfensee kunsthochschule berlin. In Zusammenarbeit mit Jugendlichen und Lehrer*innen des Johann-Gottfried-Herder-Gymnasiums, Lichtenberg und dem Programm &#8222;Kulturagenten f\u00fcr kreative Schulen Berlin&#8220;.<\/p>\n<p><a href=\"http:\/\/www.inter-views.org\/archive-teaching-courses-until-2016\/\" target=\"_blank\" rel=\"noopener noreferrer\">vor 2017 siehe Archiv<\/a><\/p>\n<p>Vortr\u00e4ge und Workshops<\/p>\n<p>2019<br \/>\nSpiele, Experimente und Wege des Begehrens. (Wie) k\u00f6nnen k\u00fcnstlerische Prozesse im Kontext von Bildung und \u00d6ffentlichkeit Freir\u00e4ume schaffen?<br \/>\nVortrag: Kunstverein Tiergarten, Berlin.<\/p>\n<p>F\u00fcr Morgen. 4. Internationales Symposium Kulturvermittlung im Festspielhaus St. P\u00f6lten, AT. Ein Workshop zum Thema Perspektivenwechsel in der Kulturvermittlung: Kanon, Codes und Re- Kodierung.<\/p>\n<p>2018<br \/>\nTeaching Teachers to Unteach. Vortrag und Workshop: Master Program Education in Arts, Piet Zwaart Institute, Rotterdam (NL) zur 10. Berlin Biennale mit Ingrid Commandeur und Irina Shapiro <a href=\"https:\/\/web.archive.org\/web\/20190827073623\/http:\/\/www.pzwart.nl\/master-education-in-arts\/staff-and-tutors\/\" target=\"_blank\" rel=\"noopener noreferrer\">Piet Zwaart Institute, Rotterdam (NL)<\/a>.<\/p>\n<p>Artistic practise, curatorial approach, social engagement. Vortrag: Kunstakademie N\u00fcrnberg, D.<\/p>\n<p>2017<br \/>\nPartituren und \u00dcbersetzungen. documenta 14: Workshops in Athen, GR und Kassel, D mit allen Chorist*innen der d14.<\/p>\n<p>Vielstimmig mitteln: F\u00fcr wen, was, warum und wie? Reflexionen zum Chorus der documenta 14. Vortrag: Kunstverein Hannover und Stiftung Universit\u00e4t Hildesheim.<\/p>\n<p>2016<br \/>\nDie k\u00fcnstlerisch-gestalterische Arbeit im Kontext der Kulturellen Bildung. Workshop und Vortrag: Alice Salomon Hochschule im Rahmen von artpaed, interdisziplin\u00e4r und partizipatives Weiterbildungsprojekt mit wissenschaftlicher Begleitung f\u00fcr Kunst- und Kulturschaffende.<\/p>\n<p>Lab for Art Education. Workshop und Vortrag: Inhotim, BR.<\/p>\n<p>Vermittlung &#8211; ihre theoretischen M\u00f6glichkeiten und ihre Praxis. Vortrag, Galerie f\u00fcr Zeitgen\u00f6ssische Kunst, Leipzig.<\/p>\n<p><a href=\"http:\/\/www.inter-views.org\/archiv-vortraege-und-workshops-bis-2016\/\" target=\"_blank\" rel=\"noopener noreferrer\">vor 2016 siehe Archiv<\/a><\/p>\n<p>Forschungsprojekte, Gremien, Symposien<\/p>\n<p>2019<br \/>\nMit Kunstvermittlung die Welt ver\u00e4ndern? Eine Untersuchung zentraler Behauptungen der Kunstvermittlung von Ver\u00e4nderung der Wahrnehmung entlang von Kunstvermittlungsaktivit\u00e4ten der Berlin Biennale auf Basis des theoretischen Diskurses seit den 90iger Jahren (AT). Stiftung Universit\u00e4t Hildesheim: Dissertationsvorhaben<\/p>\n<p>2018 &#8211; 2017<br \/>\n<a href=\"https:\/\/web.archive.org\/web\/20190824081041\/https:\/\/kh-berlin.de\/projekt-detail\/Project\/detail\/spaces-of-reflection-2392.html\" target=\"_blank\" rel=\"noopener noreferrer\">Spaces of Reflection<\/a>. Begleitung Forschungsprojekt initiiert von Studierenden der Kunsthochschule Berlin Wei\u00dfensee und des Instituts f\u00fcr Kunst- und Bildgeschichte der Humboldt-Universit\u00e4t zu Berlin, unterst\u00fctzt vom Goethe Institut Athen und der Mart Stam Stiftung.<\/p>\n<p>2015 &#8211; 2017<br \/>\nSchule INKLUSIVE Kulturelle Bildung. Evaluation und Beratung: Erasmus+ Projekt, strategische Regio-Partnerschaft zwischen der Senatsverwaltung f\u00fcr Bildung, Jugend und Wissenschaft, dem Stadtschulrat Wien und der Erziehungsdirektion des Kantons Bern \u2013 Entwicklung eines modularen Kurskonzepts und eines Praxisleitfadens zur Implementierung von Projekten Kultureller Bildung in Schulen.<\/p>\n<p>Museologischer Salon. Fachliche Beratung: Kinder und Jugendliche \u2013 Museen, Archive, Gedenkst\u00e4tten \u2013 Schule \u2013 Bildung und Vermittlung, Mitglied der Expert*innengruppe, initiiert durch das Landesinstituts f\u00fcr Schulen und Medien Berlin und Brandenburg.<\/p>\n<p>2012 &#8211; 2017<br \/>\nFachjury Berliner Projektfonds Kulturelle Bildung F\u00f6rders\u00e4ule 3. Mitglied in den Berliner Bezirken Pankow\/Wei\u00dfensee und Mitte\/Tiergarten<\/p>\n<p>2016<br \/>\nK\u00fcnstlerische Forschung \u2013 ein neues F\u00f6rdermodul. Mitglied der Arbeitsgruppe zur Entwicklung von Kriterien im Auftrag des Berliner Senats f\u00fcr Kultur und Europa in Zusammenarbeit mit der nGBk Berlin<\/p>\n<p>2015<br \/>\n<a href=\"http:\/\/www.inter-views.org\/wp-content\/uploads\/kulturelle-bildung-das-rahmenkonzept-2016-fuer-berlin.pdf\" target=\"_blank\" rel=\"noopener noreferrer\">Weiterentwicklung des Rahmenkonzepts der Kulturellen Bildung.<\/a> Mitglied der Arbeitsgruppe Qualifizierung, Aus- Fort- und Weiterbildung und Mitgestaltung des Entwurfs im Auftrag des Berliner Senats<\/p>\n<p>Akteure der Kulturellen Bildung und Kunst- und Kulturvermittlung \u2013 innovative Ver\u00e4nderungen. Kommentar: Konferenz Kulturelle Bildung und Kunst- und Kulturvermittlung in Deutschland und Polen, Stiftung Genshagen.<\/p>\n<p>2014<br \/>\nPositionen zur Weiterentwicklung des Rahmenkonzepts der Kulturellen Bildung Mitglied der <a href=\"\/web\/20190928142326\/https:\/\/bildungsserver.berlin-brandenburg.de\/themen\/kulturelle-bildung\/kulturelle-bildung-in-berlin\/\" target=\"_blank\" rel=\"noopener noreferrer\">Denkwerkstatt im Auftrag des Abgeordnetenhauses Berlin<\/a><\/p>\n<p><a href=\"http:\/\/www.inter-views.org\/archiv-lehre-und-forschung\/\" target=\"_blank\" rel=\"noopener noreferrer\">vor 2014 siehe Archiv<\/a><\/p>","protected":false},"excerpt":{"rendered":"<p>Lehrveranstaltungen 2019 F\u00fcr Morgen. K\u00fcnstlerische Interventionen im Museum. In Zusammenarbeit mit dem Br\u00fccke-Museum Berlin und Daniela Bystron, Curator of Outreach. Blockseminar: wei\u00dfensee kunsthochschule berlin 2018\/19 Kunst-Projekt(e). Blockseminar: Theorie in Verbindung mit k\u00fcnstlerischer Praxis: wei\u00dfensee kunsthochschule berlin 2019-17 Labor Nobel o.T. &hellip; <a href=\"https:\/\/www.inter-views.org\/de\/teaching\/\">Weiterlesen <span class=\"meta-nav\">&rarr;<\/span><\/a><\/p>\n","protected":false},"author":1,"featured_media":0,"parent":0,"menu_order":0,"comment_status":"open","ping_status":"open","template":"teaching.php","meta":{"footnotes":""},"class_list":["post-44","page","type-page","status-publish","hentry"],"_links":{"self":[{"href":"https:\/\/www.inter-views.org\/de\/wp-json\/wp\/v2\/pages\/44","targetHints":{"allow":["GET"]}}],"collection":[{"href":"https:\/\/www.inter-views.org\/de\/wp-json\/wp\/v2\/pages"}],"about":[{"href":"https:\/\/www.inter-views.org\/de\/wp-json\/wp\/v2\/types\/page"}],"author":[{"embeddable":true,"href":"https:\/\/www.inter-views.org\/de\/wp-json\/wp\/v2\/users\/1"}],"replies":[{"embeddable":true,"href":"https:\/\/www.inter-views.org\/de\/wp-json\/wp\/v2\/comments?post=44"}],"version-history":[{"count":194,"href":"https:\/\/www.inter-views.org\/de\/wp-json\/wp\/v2\/pages\/44\/revisions"}],"predecessor-version":[{"id":3175,"href":"https:\/\/www.inter-views.org\/de\/wp-json\/wp\/v2\/pages\/44\/revisions\/3175"}],"wp:attachment":[{"href":"https:\/\/www.inter-views.org\/de\/wp-json\/wp\/v2\/media?parent=44"}],"curies":[{"name":"wp","href":"https:\/\/api.w.org\/{rel}","templated":true}]}}